{"id":35697,"date":"2025-07-16T15:17:34","date_gmt":"2025-07-16T13:17:34","guid":{"rendered":"https:\/\/lespot.ch\/clases-de-musica\/"},"modified":"2025-10-22T15:56:25","modified_gmt":"2025-10-22T13:56:25","slug":"clases-de-musica","status":"publish","type":"page","link":"https:\/\/lespot.ch\/es\/clases-de-musica\/","title":{"rendered":"Clases de M\u00fasica"},"content":{"rendered":"<p>Casa de barrio de Ch\u00eane-Bourg<\/p>\n<h1>Clases de m\u00fasica<\/h1>\n<ul>\n<li>Todo<em><\/em><\/li>\n<ul data-parent=\".category-cours\">\n<li data-role=\"back\">&nbsp;&nbsp;Back<\/li>\n<li data-role=\"sub\">Cours adultes<em><\/em><\/li>\n<li data-role=\"sub\">Cours enfants<em><\/em><\/li>\n<li data-role=\"sub\">Cours ados<em><\/em><\/li>\n<li data-role=\"sub\">Langues et enseignement<em><\/em><\/li>\n<li data-role=\"sub\">Musique<em><\/em><\/li>\n<li data-role=\"sub\">Danse<em><\/em><\/li>\n<li data-role=\"sub\">Sport<em><\/em><\/li>\n<li data-role=\"sub\">Dessin &amp; peinture<em><\/em><\/li>\n<li data-role=\"sub\">mediation<em><\/em><\/li>\n<li data-role=\"sub\">arts<em><\/em><\/li>\n<\/ul>\n<\/ul>\n<section data-settings=\"{&quot;layout&quot;:&quot;list&quot;,&quot;stick_last_element_to_bottom&quot;:&quot;no&quot;,&quot;columns_desktop&quot;:1,&quot;gutter_hr&quot;:15,&quot;gutter_hr_mobile&quot;:15,&quot;gutter_hr_mobile_extra&quot;:15,&quot;gutter_hr_tablet&quot;:15,&quot;gutter_hr_tablet_extra&quot;:15,&quot;gutter_hr_laptop&quot;:15,&quot;gutter_hr_widescreen&quot;:15,&quot;gutter_vr&quot;:50,&quot;gutter_vr_mobile&quot;:91,&quot;gutter_vr_mobile_extra&quot;:&quot;&quot;,&quot;gutter_vr_tablet&quot;:&quot;&quot;,&quot;gutter_vr_tablet_extra&quot;:50,&quot;gutter_vr_laptop&quot;:50,&quot;gutter_vr_widescreen&quot;:50,&quot;animation&quot;:&quot;default&quot;,&quot;animation_duration&quot;:0.3,&quot;animation_delay&quot;:0.1,&quot;deeplinking&quot;:&quot;&quot;,&quot;filters_linkable&quot;:&quot;no&quot;,&quot;filters_default_filter&quot;:&quot;&quot;,&quot;filters_count&quot;:&quot;&quot;,&quot;filters_hide_empty&quot;:&quot;yes&quot;,&quot;filters_animation&quot;:&quot;default&quot;,&quot;filters_animation_duration&quot;:0.3,&quot;filters_animation_delay&quot;:0.1,&quot;pagination_type&quot;:&quot;numbered&quot;,&quot;pagination_max_pages&quot;:1,&quot;media_align&quot;:&quot;left&quot;,&quot;media_width&quot;:25,&quot;media_distance&quot;:20,&quot;lightbox&quot;:{&quot;selector&quot;:&quot;.wpr-grid-image-wrap&quot;,&quot;iframeMaxWidth&quot;:&quot;60%&quot;,&quot;hash&quot;:false,&quot;autoplay&quot;:&quot;true&quot;,&quot;pause&quot;:5000,&quot;progressBar&quot;:&quot;true&quot;,&quot;counter&quot;:&quot;true&quot;,&quot;controls&quot;:&quot;true&quot;,&quot;getCaptionFromTitleOrAlt&quot;:&quot;true&quot;,&quot;thumbnail&quot;:&quot;&quot;,&quot;showThumbByDefault&quot;:&quot;&quot;,&quot;share&quot;:&quot;&quot;,&quot;zoom&quot;:&quot;true&quot;,&quot;fullScreen&quot;:&quot;true&quot;,&quot;download&quot;:&quot;true&quot;}}\">\n<article><img decoding=\"async\" data-no-lazy=\"1\" src=\"http:\/\/lespot.ch\/wp-content\/uploads\/elementor\/thumbs\/pexels-bryan-geraldo-184369-5864151-scaled-r9kmxfpsln6bur1sfx587jgb1ydittt5z1dnbkfyyg.jpg\" alt=\"Piano\"><a href=\"https:\/\/lespot.ch\/category\/cours\/\">Cours, <\/a><a href=\"https:\/\/lespot.ch\/category\/cours\/cours-ados\/\">Cours ados, <\/a><a href=\"https:\/\/lespot.ch\/category\/cours\/cours-adultes\/\">Cours adultes, <\/a><a href=\"https:\/\/lespot.ch\/category\/cours\/cours-enfants\/\">Cours enfants, <\/a><a href=\"https:\/\/lespot.ch\/category\/cours\/musique\/\">Musique<\/a><\/p>\n<h2><a target=\"_self\"  href=\"https:\/\/lespot.ch\/piano\/\">Piano<\/a><\/h2>\n<p>Professeur : Elder. Mardi.<\/p>\n<p><a target=\"_self\" href=\"https:\/\/lespot.ch\/piano\/\">Saber m\u00e1s<\/a><\/article>\n<article><img decoding=\"async\" data-no-lazy=\"1\" src=\"http:\/\/lespot.ch\/wp-content\/uploads\/elementor\/thumbs\/DSC01143-scaled-r7d891jf2zv7o11kjh0354hbb4grcmqnhzca4dobso.png\" alt=\"Cours individuel de chant\"><a href=\"https:\/\/lespot.ch\/category\/cours\/\">Cours, <\/a><a href=\"https:\/\/lespot.ch\/category\/cours\/cours-ados\/\">Cours ados, <\/a><a href=\"https:\/\/lespot.ch\/category\/cours\/cours-adultes\/\">Cours adultes, <\/a><a href=\"https:\/\/lespot.ch\/category\/cours\/cours-enfants\/\">Cours enfants, <\/a><a href=\"https:\/\/lespot.ch\/category\/cours\/musique\/\">Musique<\/a><\/p>\n<h2><a target=\"_self\"  href=\"https:\/\/lespot.ch\/cours-de-base\/\">Cours individuel de chant<\/a><\/h2>\n<p>Professeur : Ambroise. Lundi et jeudi de 19h00 \u00e0 21h00.<\/p>\n<p><a target=\"_self\" href=\"https:\/\/lespot.ch\/cours-de-base\/\">Saber m\u00e1s<\/a><\/article>\n<article><img decoding=\"async\" data-no-lazy=\"1\" src=\"http:\/\/lespot.ch\/wp-content\/uploads\/elementor\/thumbs\/guitare-oc5lf1tparfd9o9eej73n6nj9fou2mfcy1atpj66rc.jpg\" alt=\"Guitare moderne, classique et basse\"><a href=\"https:\/\/lespot.ch\/category\/cours\/\">Cours, <\/a><a href=\"https:\/\/lespot.ch\/category\/cours\/cours-ados\/\">Cours ados, <\/a><a href=\"https:\/\/lespot.ch\/category\/cours\/cours-adultes\/\">Cours adultes, <\/a><a href=\"https:\/\/lespot.ch\/category\/cours\/cours-enfants\/\">Cours enfants, <\/a><a href=\"https:\/\/lespot.ch\/category\/cours\/musique\/\">Musique<\/a><\/p>\n<h2><a target=\"_self\"  href=\"https:\/\/lespot.ch\/guitare-moderne-classique-et-basse\/\">Guitare moderne, classique et basse<\/a><\/h2>\n<p>Professeur\u2009: Ravi. Jeudi d\u00e8s 14h.<\/p>\n<p><a target=\"_self\" href=\"https:\/\/lespot.ch\/guitare-moderne-classique-et-basse\/\">Saber m\u00e1s<\/a><\/article>\n<article><img decoding=\"async\" data-no-lazy=\"1\" src=\"http:\/\/lespot.ch\/wp-content\/uploads\/elementor\/thumbs\/pexels-rdne-8198139-scaled-r9kpdckdstirptco3f62wutb6b2dqptee5xi683f08.jpg\" alt=\"Guitare moderne et guitare basse\"><a href=\"https:\/\/lespot.ch\/category\/cours\/\">Cours, <\/a><a href=\"https:\/\/lespot.ch\/category\/cours\/cours-ados\/\">Cours ados, <\/a><a href=\"https:\/\/lespot.ch\/category\/cours\/cours-adultes\/\">Cours adultes, <\/a><a href=\"https:\/\/lespot.ch\/category\/cours\/cours-enfants\/\">Cours enfants, <\/a><a href=\"https:\/\/lespot.ch\/category\/cours\/musique\/\">Musique<\/a><\/p>\n<h2><a target=\"_self\"  href=\"https:\/\/lespot.ch\/guitare-moderne-et-guitare-basse\/\">Guitare moderne et guitare basse<\/a><\/h2>\n<p>Professeur\u2009: Motty. Mercredi d\u00e8s 12h.<\/p>\n<p><a target=\"_self\" href=\"https:\/\/lespot.ch\/guitare-moderne-et-guitare-basse\/\">Saber m\u00e1s<\/a><\/article>\n<article><img decoding=\"async\" data-no-lazy=\"1\" src=\"http:\/\/lespot.ch\/wp-content\/uploads\/elementor\/thumbs\/batterie-oc5lex4icl8xnmg85z5yspu8aic004wp9e1eb5d5mg.jpg\" alt=\"Batterie &#8211; Percussion\"><a href=\"https:\/\/lespot.ch\/category\/cours\/\">Cours, <\/a><a href=\"https:\/\/lespot.ch\/category\/cours\/cours-ados\/\">Cours ados, <\/a><a href=\"https:\/\/lespot.ch\/category\/cours\/cours-adultes\/\">Cours adultes, <\/a><a href=\"https:\/\/lespot.ch\/category\/cours\/cours-enfants\/\">Cours enfants, <\/a><a href=\"https:\/\/lespot.ch\/category\/cours\/musique\/\">Musique<\/a><\/p>\n<h2><a target=\"_self\"  href=\"https:\/\/lespot.ch\/batterie-percussion\/\">Batterie &#8211; Percussion<\/a><\/h2>\n<p>Professeur : Woodroe. Lundi d\u00e8s 15h.<\/p>\n<p><a target=\"_self\" href=\"https:\/\/lespot.ch\/batterie-percussion\/\">Saber m\u00e1s<\/a><\/article>\n<\/section>\n","protected":false},"excerpt":{"rendered":"<p>Casa de barrio de Ch\u00eane-Bourg Clases de m\u00fasica Todo &nbsp;&nbsp;Back Cours adultes Cours enfants Cours ados Langues et enseignement Musique Danse Sport Dessin &amp; peinture mediation arts Cours, Cours ados, Cours adultes, Cours enfants, Musique Piano Professeur : Elder. Mardi. Saber m\u00e1s Cours, Cours ados, Cours adultes, Cours enfants, Musique Cours individuel de chant Professeur : Ambroise. Lundi et jeudi de 19h00 \u00e0 21h00. Saber m\u00e1s Cours, Cours ados, Cours adultes, Cours enfants, Musique Guitare moderne, classique et basse Professeur\u2009: Ravi. Jeudi d\u00e8s 14h. Saber m\u00e1s Cours, Cours ados, Cours adultes, Cours enfants, Musique Guitare moderne et guitare basse Professeur\u2009: Motty. Mercredi d\u00e8s 12h. Saber m\u00e1s Cours, Cours ados, Cours adultes, Cours enfants, Musique Batterie &#8211; Percussion Professeur : Woodroe. Lundi d\u00e8s 15h. Saber m\u00e1s<\/p>\n","protected":false},"author":17,"featured_media":0,"parent":0,"menu_order":0,"comment_status":"closed","ping_status":"closed","template":"","meta":{"site-sidebar-layout":"no-sidebar","site-content-layout":"","ast-site-content-layout":"full-width-container","site-content-style":"default","site-sidebar-style":"default","ast-global-header-display":"","ast-banner-title-visibility":"","ast-main-header-display":"","ast-hfb-above-header-display":"","ast-hfb-below-header-display":"","ast-hfb-mobile-header-display":"","site-post-title":"disabled","ast-breadcrumbs-content":"","ast-featured-img":"disabled","footer-sml-layout":"","ast-disable-related-posts":"","theme-transparent-header-meta":"","adv-header-id-meta":"","stick-header-meta":"","header-above-stick-meta":"","header-main-stick-meta":"","header-below-stick-meta":"","astra-migrate-meta-layouts":"default","ast-page-background-enabled":"default","ast-page-background-meta":{"desktop":{"background-color":"var(--ast-global-color-5)","background-image":"","background-repeat":"repeat","background-position":"center center","background-size":"auto","background-attachment":"scroll","background-type":"","background-media":"","overlay-type":"","overlay-color":"","overlay-opacity":"","overlay-gradient":""},"tablet":{"background-color":"","background-image":"","background-repeat":"repeat","background-position":"center center","background-size":"auto","background-attachment":"scroll","background-type":"","background-media":"","overlay-type":"","overlay-color":"","overlay-opacity":"","overlay-gradient":""},"mobile":{"background-color":"","background-image":"","background-repeat":"repeat","background-position":"center center","background-size":"auto","background-attachment":"scroll","background-type":"","background-media":"","overlay-type":"","overlay-color":"","overlay-opacity":"","overlay-gradient":""}},"ast-content-background-meta":{"desktop":{"background-color":"var(--ast-global-color-4)","background-image":"","background-repeat":"repeat","background-position":"center center","background-size":"auto","background-attachment":"scroll","background-type":"","background-media":"","overlay-type":"","overlay-color":"","overlay-opacity":"","overlay-gradient":""},"tablet":{"background-color":"var(--ast-global-color-4)","background-image":"","background-repeat":"repeat","background-position":"center center","background-size":"auto","background-attachment":"scroll","background-type":"","background-media":"","overlay-type":"","overlay-color":"","overlay-opacity":"","overlay-gradient":""},"mobile":{"background-color":"var(--ast-global-color-4)","background-image":"","background-repeat":"repeat","background-position":"center center","background-size":"auto","background-attachment":"scroll","background-type":"","background-media":"","overlay-type":"","overlay-color":"","overlay-opacity":"","overlay-gradient":""}},"footnotes":""},"class_list":["post-35697","page","type-page","status-publish","hentry"],"yoast_head":"<!-- This site is optimized with the Yoast SEO plugin v27.4 - https:\/\/yoast.com\/product\/yoast-seo-wordpress\/ -->\n<title>Clases de M\u00fasica - Le Spot - Maison de Quartier de Ch\u00eane-Bourg<\/title>\n<meta name=\"robots\" content=\"index, follow, max-snippet:-1, max-image-preview:large, max-video-preview:-1\" \/>\n<link rel=\"canonical\" href=\"https:\/\/lespot.ch\/es\/clases-de-musica\/\" \/>\n<meta property=\"og:locale\" content=\"es_ES\" \/>\n<meta property=\"og:type\" content=\"article\" \/>\n<meta property=\"og:title\" content=\"Clases de M\u00fasica - Le Spot - Maison de Quartier de Ch\u00eane-Bourg\" \/>\n<meta property=\"og:description\" content=\"Casa de barrio de Ch\u00eane-Bourg Clases de m\u00fasica Todo &nbsp;&nbsp;Back Cours adultes Cours enfants Cours ados Langues et enseignement Musique Danse Sport Dessin &amp; peinture mediation arts Cours, Cours ados, Cours adultes, Cours enfants, Musique Piano Professeur : Elder. Mardi. Saber m\u00e1s Cours, Cours ados, Cours adultes, Cours enfants, Musique Cours individuel de chant Professeur : Ambroise. Lundi et jeudi de 19h00 \u00e0 21h00. Saber m\u00e1s Cours, Cours ados, Cours adultes, Cours enfants, Musique Guitare moderne, classique et basse Professeur\u2009: Ravi. Jeudi d\u00e8s 14h. Saber m\u00e1s Cours, Cours ados, Cours adultes, Cours enfants, Musique Guitare moderne et guitare basse Professeur\u2009: Motty. Mercredi d\u00e8s 12h. Saber m\u00e1s Cours, Cours ados, Cours adultes, Cours enfants, Musique Batterie &#8211; Percussion Professeur : Woodroe. Lundi d\u00e8s 15h. Saber m\u00e1s\" \/>\n<meta property=\"og:url\" content=\"https:\/\/lespot.ch\/es\/clases-de-musica\/\" \/>\n<meta property=\"og:site_name\" content=\"Le Spot - Maison de Quartier de Ch\u00eane-Bourg\" \/>\n<meta property=\"article:modified_time\" content=\"2025-10-22T13:56:25+00:00\" \/>\n<meta property=\"og:image\" content=\"http:\/\/lespot.ch\/wp-content\/uploads\/elementor\/thumbs\/pexels-bryan-geraldo-184369-5864151-scaled-r9kmxfpsln6bur1sfx587jgb1ydittt5z1dnbkfyyg.jpg\" \/>\n<meta name=\"twitter:card\" content=\"summary_large_image\" \/>\n<meta name=\"twitter:label1\" content=\"Tiempo de lectura\" \/>\n\t<meta name=\"twitter:data1\" content=\"1 minuto\" \/>\n<script type=\"application\/ld+json\" class=\"yoast-schema-graph\">{\"@context\":\"https:\\\/\\\/schema.org\",\"@graph\":[{\"@type\":\"WebPage\",\"@id\":\"https:\\\/\\\/lespot.ch\\\/es\\\/clases-de-musica\\\/\",\"url\":\"https:\\\/\\\/lespot.ch\\\/es\\\/clases-de-musica\\\/\",\"name\":\"Clases de M\u00fasica - Le Spot - Maison de Quartier de Ch\u00eane-Bourg\",\"isPartOf\":{\"@id\":\"https:\\\/\\\/lespot.ch\\\/es\\\/#website\"},\"primaryImageOfPage\":{\"@id\":\"https:\\\/\\\/lespot.ch\\\/es\\\/clases-de-musica\\\/#primaryimage\"},\"image\":{\"@id\":\"https:\\\/\\\/lespot.ch\\\/es\\\/clases-de-musica\\\/#primaryimage\"},\"thumbnailUrl\":\"http:\\\/\\\/lespot.ch\\\/wp-content\\\/uploads\\\/elementor\\\/thumbs\\\/pexels-bryan-geraldo-184369-5864151-scaled-r9kmxfpsln6bur1sfx587jgb1ydittt5z1dnbkfyyg.jpg\",\"datePublished\":\"2025-07-16T13:17:34+00:00\",\"dateModified\":\"2025-10-22T13:56:25+00:00\",\"breadcrumb\":{\"@id\":\"https:\\\/\\\/lespot.ch\\\/es\\\/clases-de-musica\\\/#breadcrumb\"},\"inLanguage\":\"es\",\"potentialAction\":[{\"@type\":\"ReadAction\",\"target\":[\"https:\\\/\\\/lespot.ch\\\/es\\\/clases-de-musica\\\/\"]}]},{\"@type\":\"ImageObject\",\"inLanguage\":\"es\",\"@id\":\"https:\\\/\\\/lespot.ch\\\/es\\\/clases-de-musica\\\/#primaryimage\",\"url\":\"http:\\\/\\\/lespot.ch\\\/wp-content\\\/uploads\\\/elementor\\\/thumbs\\\/pexels-bryan-geraldo-184369-5864151-scaled-r9kmxfpsln6bur1sfx587jgb1ydittt5z1dnbkfyyg.jpg\",\"contentUrl\":\"http:\\\/\\\/lespot.ch\\\/wp-content\\\/uploads\\\/elementor\\\/thumbs\\\/pexels-bryan-geraldo-184369-5864151-scaled-r9kmxfpsln6bur1sfx587jgb1ydittt5z1dnbkfyyg.jpg\"},{\"@type\":\"BreadcrumbList\",\"@id\":\"https:\\\/\\\/lespot.ch\\\/es\\\/clases-de-musica\\\/#breadcrumb\",\"itemListElement\":[{\"@type\":\"ListItem\",\"position\":1,\"name\":\"Accueil\",\"item\":\"https:\\\/\\\/lespot.ch\\\/es\\\/\"},{\"@type\":\"ListItem\",\"position\":2,\"name\":\"Clases de M\u00fasica\"}]},{\"@type\":\"WebSite\",\"@id\":\"https:\\\/\\\/lespot.ch\\\/es\\\/#website\",\"url\":\"https:\\\/\\\/lespot.ch\\\/es\\\/\",\"name\":\"Le Spot - Maison de Quartier de Ch\u00eane-Bourg\",\"description\":\"\",\"potentialAction\":[{\"@type\":\"SearchAction\",\"target\":{\"@type\":\"EntryPoint\",\"urlTemplate\":\"https:\\\/\\\/lespot.ch\\\/es\\\/?s={search_term_string}\"},\"query-input\":{\"@type\":\"PropertyValueSpecification\",\"valueRequired\":true,\"valueName\":\"search_term_string\"}}],\"inLanguage\":\"es\"}]}<\/script>\n<!-- \/ Yoast SEO plugin. -->","yoast_head_json":{"title":"Clases de M\u00fasica - Le Spot - Maison de Quartier de Ch\u00eane-Bourg","robots":{"index":"index","follow":"follow","max-snippet":"max-snippet:-1","max-image-preview":"max-image-preview:large","max-video-preview":"max-video-preview:-1"},"canonical":"https:\/\/lespot.ch\/es\/clases-de-musica\/","og_locale":"es_ES","og_type":"article","og_title":"Clases de M\u00fasica - Le Spot - Maison de Quartier de Ch\u00eane-Bourg","og_description":"Casa de barrio de Ch\u00eane-Bourg Clases de m\u00fasica Todo &nbsp;&nbsp;Back Cours adultes Cours enfants Cours ados Langues et enseignement Musique Danse Sport Dessin &amp; peinture mediation arts Cours, Cours ados, Cours adultes, Cours enfants, Musique Piano Professeur : Elder. Mardi. Saber m\u00e1s Cours, Cours ados, Cours adultes, Cours enfants, Musique Cours individuel de chant Professeur : Ambroise. Lundi et jeudi de 19h00 \u00e0 21h00. Saber m\u00e1s Cours, Cours ados, Cours adultes, Cours enfants, Musique Guitare moderne, classique et basse Professeur\u2009: Ravi. Jeudi d\u00e8s 14h. Saber m\u00e1s Cours, Cours ados, Cours adultes, Cours enfants, Musique Guitare moderne et guitare basse Professeur\u2009: Motty. Mercredi d\u00e8s 12h. Saber m\u00e1s Cours, Cours ados, Cours adultes, Cours enfants, Musique Batterie &#8211; Percussion Professeur : Woodroe. Lundi d\u00e8s 15h. Saber m\u00e1s","og_url":"https:\/\/lespot.ch\/es\/clases-de-musica\/","og_site_name":"Le Spot - Maison de Quartier de Ch\u00eane-Bourg","article_modified_time":"2025-10-22T13:56:25+00:00","og_image":[{"url":"http:\/\/lespot.ch\/wp-content\/uploads\/elementor\/thumbs\/pexels-bryan-geraldo-184369-5864151-scaled-r9kmxfpsln6bur1sfx587jgb1ydittt5z1dnbkfyyg.jpg","type":"","width":"","height":""}],"twitter_card":"summary_large_image","twitter_misc":{"Tiempo de lectura":"1 minuto"},"schema":{"@context":"https:\/\/schema.org","@graph":[{"@type":"WebPage","@id":"https:\/\/lespot.ch\/es\/clases-de-musica\/","url":"https:\/\/lespot.ch\/es\/clases-de-musica\/","name":"Clases de M\u00fasica - Le Spot - Maison de Quartier de Ch\u00eane-Bourg","isPartOf":{"@id":"https:\/\/lespot.ch\/es\/#website"},"primaryImageOfPage":{"@id":"https:\/\/lespot.ch\/es\/clases-de-musica\/#primaryimage"},"image":{"@id":"https:\/\/lespot.ch\/es\/clases-de-musica\/#primaryimage"},"thumbnailUrl":"http:\/\/lespot.ch\/wp-content\/uploads\/elementor\/thumbs\/pexels-bryan-geraldo-184369-5864151-scaled-r9kmxfpsln6bur1sfx587jgb1ydittt5z1dnbkfyyg.jpg","datePublished":"2025-07-16T13:17:34+00:00","dateModified":"2025-10-22T13:56:25+00:00","breadcrumb":{"@id":"https:\/\/lespot.ch\/es\/clases-de-musica\/#breadcrumb"},"inLanguage":"es","potentialAction":[{"@type":"ReadAction","target":["https:\/\/lespot.ch\/es\/clases-de-musica\/"]}]},{"@type":"ImageObject","inLanguage":"es","@id":"https:\/\/lespot.ch\/es\/clases-de-musica\/#primaryimage","url":"http:\/\/lespot.ch\/wp-content\/uploads\/elementor\/thumbs\/pexels-bryan-geraldo-184369-5864151-scaled-r9kmxfpsln6bur1sfx587jgb1ydittt5z1dnbkfyyg.jpg","contentUrl":"http:\/\/lespot.ch\/wp-content\/uploads\/elementor\/thumbs\/pexels-bryan-geraldo-184369-5864151-scaled-r9kmxfpsln6bur1sfx587jgb1ydittt5z1dnbkfyyg.jpg"},{"@type":"BreadcrumbList","@id":"https:\/\/lespot.ch\/es\/clases-de-musica\/#breadcrumb","itemListElement":[{"@type":"ListItem","position":1,"name":"Accueil","item":"https:\/\/lespot.ch\/es\/"},{"@type":"ListItem","position":2,"name":"Clases de M\u00fasica"}]},{"@type":"WebSite","@id":"https:\/\/lespot.ch\/es\/#website","url":"https:\/\/lespot.ch\/es\/","name":"Le Spot - Maison de Quartier de Ch\u00eane-Bourg","description":"","potentialAction":[{"@type":"SearchAction","target":{"@type":"EntryPoint","urlTemplate":"https:\/\/lespot.ch\/es\/?s={search_term_string}"},"query-input":{"@type":"PropertyValueSpecification","valueRequired":true,"valueName":"search_term_string"}}],"inLanguage":"es"}]}},"_links":{"self":[{"href":"https:\/\/lespot.ch\/es\/wp-json\/wp\/v2\/pages\/35697","targetHints":{"allow":["GET"]}}],"collection":[{"href":"https:\/\/lespot.ch\/es\/wp-json\/wp\/v2\/pages"}],"about":[{"href":"https:\/\/lespot.ch\/es\/wp-json\/wp\/v2\/types\/page"}],"author":[{"embeddable":true,"href":"https:\/\/lespot.ch\/es\/wp-json\/wp\/v2\/users\/17"}],"replies":[{"embeddable":true,"href":"https:\/\/lespot.ch\/es\/wp-json\/wp\/v2\/comments?post=35697"}],"version-history":[{"count":3,"href":"https:\/\/lespot.ch\/es\/wp-json\/wp\/v2\/pages\/35697\/revisions"}],"predecessor-version":[{"id":35966,"href":"https:\/\/lespot.ch\/es\/wp-json\/wp\/v2\/pages\/35697\/revisions\/35966"}],"wp:attachment":[{"href":"https:\/\/lespot.ch\/es\/wp-json\/wp\/v2\/media?parent=35697"}],"curies":[{"name":"wp","href":"https:\/\/api.w.org\/{rel}","templated":true}]}}